{"id":23,"date":"2010-02-24T15:09:14","date_gmt":"2010-02-24T14:09:14","guid":{"rendered":"http:\/\/cpcascante.educacion.navarra.es\/web1\/historia-de-nuestro-colegio\/"},"modified":"2016-03-03T16:13:40","modified_gmt":"2016-03-03T15:13:40","slug":"historia-de-nuestro-colegio","status":"publish","type":"page","link":"https:\/\/cpcascante.educacion.navarra.es\/web1\/50-aniversario\/historia-de-nuestro-colegio\/","title":{"rendered":"Historia de Nuestro Colegio"},"content":{"rendered":"<p style=\"text-align: center;\"><span style=\"text-decoration: underline;\"><strong>HISTORIA DE NUESTRO COLEGIO<\/strong><\/span><\/p>\n<p style=\"text-align: justify;\">El Ayuntamiento de Cascante y el profesorado de las escuelas p\u00fablicas llevaban mucho tiempo, y en reiteradas ocasiones, solicitando a las instancias superiores un grupo escolar nuevo; ya que los edificios utilizados, \u00abEscuelas de Gorr\u00eda\u00bb y \u00abEscuelas de Garro\u00bb, no cumpl\u00edan las condiciones necesarias. Pero nunca ve\u00edan el sue\u00f1o realizado.<\/p>\n<div style=\"text-align: justify;\">\u00a0Fue en el a\u00f1o 1950, con motivo de la beatificaci\u00f3n de Vicenta M\u00aa L\u00f3pez y Vicu\u00f1a, cuando el representante municipal Jos\u00e9 M\u00aa Jim\u00e9nez coincidi\u00f3 en Roma con el Ministro de Educaci\u00f3n. Ante las preguntas del ministro acerca de las escuelas de la localidad, el segundo alcalde explic\u00f3 la precariedad de los edificios que en esos momentos se dedicaban a tal fin. El ministro envi\u00f3 una propuesta al Ayuntamiento de la ciudad a trav\u00e9s de su representante: Si se preparaba un solar adecuado en el que construir el grupo escolar, el ministerio lo construir\u00eda en el menor tiempo posible. La \u00fanica condici\u00f3n que impon\u00eda era que llevase el nombre de la reci\u00e9n beatificada Vicenta M\u00aa, nacida en Cascante.<\/div>\n<div style=\"text-align: justify;\"><\/div>\n<div style=\"text-align: justify;\">Se prepararon unos terrenos en la parte alta del pueblo, que hasta entonces hab\u00edan sido \u00aberas\u00bb, y \u00a1por fin! las obras comenzaron en el a\u00f1o 1954.<\/div>\n<div style=\"text-align: justify;\"><\/div>\n<div style=\"text-align: justify;\">En el a\u00f1o 1955 se encontraba terminado el edificio y fue inaugurado en Junio de dicho a\u00f1o. As\u00ed, pudo ser utilizado en el curso 1955-1956. Sin embargo, los patios y el cercado del recinto escolar no se hab\u00edan finalizado. Por todo ello, la inauguraci\u00f3n oficial del grupo escolar se llev\u00f3 a cabo el Domingo d\u00eda 9 de Septiembre de 1956, d\u00eda de la Virgen del Romero. Asistieron a esta inauguraci\u00f3n m\u00faltiples personalidades, entre ellas el Ministro de Educaci\u00f3n y se le llam\u00f3<\/div>\n<div style=\"text-align: justify;\"><\/div>\n<div style=\"text-align: justify;\">GRUPO ESCOLAR CONMEMORATIVO \u00abBEATA VICENTA M\u00aa L\u00d3PEZ Y VICU\u00d1A\u00bb<\/div>\n<div style=\"text-align: justify;\"><\/div>\n<p style=\"text-align: justify;\">\n","protected":false},"excerpt":{"rendered":"<p>HISTORIA DE NUESTRO COLEGIO El Ayuntamiento de Cascante y el profesorado de las escuelas p\u00fablicas llevaban mucho tiempo, y en reiteradas ocasiones, solicitando a las instancias superiores un grupo escolar nuevo; ya que los edificios utilizados, \u00abEscuelas de Gorr\u00eda\u00bb y \u00abEscuelas de Garro\u00bb, no cumpl\u00edan las condiciones necesarias. Pero nunca ve\u00edan el sue\u00f1o realizado. \u00a0Fue [&hellip;]<\/p>\n","protected":false},"author":1,"featured_media":0,"parent":705,"menu_order":3,"comment_status":"closed","ping_status":"closed","template":"","meta":{"_genesis_hide_title":false,"_genesis_hide_breadcrumbs":false,"_genesis_hide_singular_image":false,"_genesis_hide_footer_widgets":false,"_genesis_custom_body_class":"","_genesis_custom_post_class":"","_genesis_layout":""},"_links":{"self":[{"href":"https:\/\/cpcascante.educacion.navarra.es\/web1\/wp-json\/wp\/v2\/pages\/23"}],"collection":[{"href":"https:\/\/cpcascante.educacion.navarra.es\/web1\/wp-json\/wp\/v2\/pages"}],"about":[{"href":"https:\/\/cpcascante.educacion.navarra.es\/web1\/wp-json\/wp\/v2\/types\/page"}],"author":[{"embeddable":true,"href":"https:\/\/cpcascante.educacion.navarra.es\/web1\/wp-json\/wp\/v2\/users\/1"}],"replies":[{"embeddable":true,"href":"https:\/\/cpcascante.educacion.navarra.es\/web1\/wp-json\/wp\/v2\/comments?post=23"}],"version-history":[{"count":2,"href":"https:\/\/cpcascante.educacion.navarra.es\/web1\/wp-json\/wp\/v2\/pages\/23\/revisions"}],"predecessor-version":[{"id":737,"href":"https:\/\/cpcascante.educacion.navarra.es\/web1\/wp-json\/wp\/v2\/pages\/23\/revisions\/737"}],"up":[{"embeddable":true,"href":"https:\/\/cpcascante.educacion.navarra.es\/web1\/wp-json\/wp\/v2\/pages\/705"}],"wp:attachment":[{"href":"https:\/\/cpcascante.educacion.navarra.es\/web1\/wp-json\/wp\/v2\/media?parent=23"}],"curies":[{"name":"wp","href":"https:\/\/api.w.org\/{rel}","templated":true}]}}